{"id":6223,"date":"2012-09-01T14:08:28","date_gmt":"2012-09-01T12:08:28","guid":{"rendered":"https:\/\/de.stebatec.ch\/referenz_testimonial\/station-depuration-kloten-opfikon\/"},"modified":"2020-11-26T16:57:11","modified_gmt":"2020-11-26T15:57:11","slug":"station-depuration-kloten-opfikon","status":"publish","type":"referenz_testimonial","link":"https:\/\/www.stebatec.com\/fr\/references\/station-depuration-kloten-opfikon\/","title":{"rendered":"Station d\u2019\u00e9puration Kloten Opfikon"},"content":{"rendered":"<p>Le point de mesuresert \u00e0 d\u00e9terminer les quantit\u00e9s d\u2019eaux us\u00e9es de la ville de Kloten, qui sont achemin\u00e9es vers la station d\u2019\u00e9puration de Kloten\/Opfikon pour y \u00eatre trait\u00e9es. L\u2019actuel syst\u00e8me\u00a0 de mesure Venturi doit \u00eatre remplac\u00e9 par un dispositif offrant une plus grande pr\u00e9cision et une meilleure s\u00e9curit\u00e9 de fonctionnement. Les donn\u00e9es de mesure constituent la base du bar\u00e8me de r\u00e9partition \u00e9quitable des frais d\u2019exploitation entre les producteurs d\u2019eaux us\u00e9es pour le traitement de ces derni\u00e8res et rev\u00eatent \u00e0 ce titre une importance majeure. L\u2019installation de mesure doit pouvoir mesurer de fa\u00e7on pr\u00e9cise des d\u00e9bits d\u2019eau compris entre 20 l\/s et 550 l\/<\/p>\n","protected":false},"excerpt":{"rendered":"<p>Le point de mesuresert \u00e0 d\u00e9terminer les quantit\u00e9s d\u2019eaux us\u00e9es de la ville de Kloten, qui sont achemin\u00e9es vers la station d\u2019\u00e9puration de Kloten\/Opfikon pour y \u00eatre trait\u00e9es. L\u2019actuel syst\u00e8me\u00a0 de mesure Venturi doit \u00eatre remplac\u00e9 par un dispositif offrant une plus grande pr\u00e9cision et une meilleure s\u00e9curit\u00e9 de fonctionnement. Les donn\u00e9es de mesure constituent [&hellip;]<\/p>\n","protected":false},"featured_media":5387,"parent":0,"template":"","referenzart":[275],"layoutart":[],"lander":[320],"standtort":[],"class_list":["post-6223","referenz_testimonial","type-referenz_testimonial","status-publish","has-post-thumbnail","hentry","referenzart-mesure-du-debit","lander-suisse"],"acf":[],"_links":{"self":[{"href":"https:\/\/www.stebatec.com\/fr\/wp-json\/wp\/v2\/referenz_testimonial\/6223","targetHints":{"allow":["GET"]}}],"collection":[{"href":"https:\/\/www.stebatec.com\/fr\/wp-json\/wp\/v2\/referenz_testimonial"}],"about":[{"href":"https:\/\/www.stebatec.com\/fr\/wp-json\/wp\/v2\/types\/referenz_testimonial"}],"wp:featuredmedia":[{"embeddable":true,"href":"https:\/\/www.stebatec.com\/fr\/wp-json\/wp\/v2\/media\/5387"}],"wp:attachment":[{"href":"https:\/\/www.stebatec.com\/fr\/wp-json\/wp\/v2\/media?parent=6223"}],"wp:term":[{"taxonomy":"referenzart","embeddable":true,"href":"https:\/\/www.stebatec.com\/fr\/wp-json\/wp\/v2\/referenzart?post=6223"},{"taxonomy":"layoutart","embeddable":true,"href":"https:\/\/www.stebatec.com\/fr\/wp-json\/wp\/v2\/layoutart?post=6223"},{"taxonomy":"lander","embeddable":true,"href":"https:\/\/www.stebatec.com\/fr\/wp-json\/wp\/v2\/lander?post=6223"},{"taxonomy":"standtort","embeddable":true,"href":"https:\/\/www.stebatec.com\/fr\/wp-json\/wp\/v2\/standtort?post=6223"}],"curies":[{"name":"wp","href":"https:\/\/api.w.org\/{rel}","templated":true}]}}