{"id":6177,"date":"2018-09-01T14:07:56","date_gmt":"2018-09-01T12:07:56","guid":{"rendered":"https:\/\/de.stebatec.ch\/referenz_testimonial\/mesure-de-decharge-ultra-precise-avec-dem\/"},"modified":"2020-11-26T16:26:02","modified_gmt":"2020-11-26T15:26:02","slug":"mesure-de-decharge-ultra-precise-avec-dem","status":"publish","type":"referenz_testimonial","link":"https:\/\/www.stebatec.com\/fr\/references\/mesure-de-decharge-ultra-precise-avec-dem\/","title":{"rendered":"Mesure de d\u00e9charge ultra pr\u00e9cise avec DEM"},"content":{"rendered":"<p>L\u2019ARA Radet situ\u00e9e pr\u00e8s de Lo\u00e8che dans le canton du Valais traite les eaux us\u00e9es de douze communes. Le syndicat intercommunal a r\u00e9cemment install\u00e9 des points de mesures suppl\u00e9mentaires dans son r\u00e9seau de canalisations pour optimiser la pr\u00e9cision de facturation. Mais il manque toujours une mesure du d\u00e9bit d&rsquo;entr\u00e9e \u00e0 la STEP. Celle-ci ne pourrait \u00eatre r\u00e9alis\u00e9e qu\u2019avec des mesures de construction importantes et les frais en d\u00e9coulant, d\u2019o\u00f9 la recherche de la STEP, d\u2019une autre solution. Puisque l\u2019\u00e9coulement est d\u00e9j\u00e0 mesur\u00e9, il \u00e9tait envisag\u00e9 de mesurer \u00e9galement le volume de d\u00e9charge inconnu jusqu\u2019\u00e0 pr\u00e9sent et de facturer le total. La d\u00e9charge a lieu lorsque la capacit\u00e9 de la STEP est d\u00e9pass\u00e9e par des intemp\u00e9ries; une partie des eaux us\u00e9es passe alors uniquement dans le pr\u00e9traitement. Pour que l\u2019eau soit la plus pure possible au moment de la d\u00e9charge, cette derni\u00e8re se fait via un rebord directement sous la surface de l\u2019eau. La largeur du rebord et l\u2019air introduit dans la chute d\u2019eau rendent la mesure difficile.<\/p>\n","protected":false},"excerpt":{"rendered":"<p>L\u2019ARA Radet situ\u00e9e pr\u00e8s de Lo\u00e8che dans le canton du Valais traite les eaux us\u00e9es de douze communes. Le syndicat intercommunal a r\u00e9cemment install\u00e9 des points de mesures suppl\u00e9mentaires dans son r\u00e9seau de canalisations pour optimiser la pr\u00e9cision de facturation. Mais il manque toujours une mesure du d\u00e9bit d&rsquo;entr\u00e9e \u00e0 la STEP. Celle-ci ne pourrait [&hellip;]<\/p>\n","protected":false},"featured_media":5369,"parent":0,"template":"","referenzart":[275],"layoutart":[],"lander":[320],"standtort":[],"class_list":["post-6177","referenz_testimonial","type-referenz_testimonial","status-publish","has-post-thumbnail","hentry","referenzart-mesure-du-debit","lander-suisse"],"acf":[],"_links":{"self":[{"href":"https:\/\/www.stebatec.com\/fr\/wp-json\/wp\/v2\/referenz_testimonial\/6177","targetHints":{"allow":["GET"]}}],"collection":[{"href":"https:\/\/www.stebatec.com\/fr\/wp-json\/wp\/v2\/referenz_testimonial"}],"about":[{"href":"https:\/\/www.stebatec.com\/fr\/wp-json\/wp\/v2\/types\/referenz_testimonial"}],"wp:featuredmedia":[{"embeddable":true,"href":"https:\/\/www.stebatec.com\/fr\/wp-json\/wp\/v2\/media\/5369"}],"wp:attachment":[{"href":"https:\/\/www.stebatec.com\/fr\/wp-json\/wp\/v2\/media?parent=6177"}],"wp:term":[{"taxonomy":"referenzart","embeddable":true,"href":"https:\/\/www.stebatec.com\/fr\/wp-json\/wp\/v2\/referenzart?post=6177"},{"taxonomy":"layoutart","embeddable":true,"href":"https:\/\/www.stebatec.com\/fr\/wp-json\/wp\/v2\/layoutart?post=6177"},{"taxonomy":"lander","embeddable":true,"href":"https:\/\/www.stebatec.com\/fr\/wp-json\/wp\/v2\/lander?post=6177"},{"taxonomy":"standtort","embeddable":true,"href":"https:\/\/www.stebatec.com\/fr\/wp-json\/wp\/v2\/standtort?post=6177"}],"curies":[{"name":"wp","href":"https:\/\/api.w.org\/{rel}","templated":true}]}}